{"id":56,"date":"2015-09-10T09:01:17","date_gmt":"2015-09-10T08:01:17","guid":{"rendered":"http:\/\/www.mieldelune.com\/?page_id=56"},"modified":"2026-02-03T13:16:22","modified_gmt":"2026-02-03T12:16:22","slug":"bienvenue","status":"publish","type":"page","link":"http:\/\/www.mieldelune.com\/","title":{"rendered":"Bienvenue"},"content":{"rendered":"<p>Cheminons une nouvelle ann\u00e9e encore ensemble dans la cr\u00e9ativit\u00e9 et les belles langues \u00e9crites pour l&rsquo;enfance.<\/p>\n<p><strong><em><a href=\"http:\/\/www.mieldelune.com\/index.php\/vivantes\/\" target=\"_blank\" rel=\"noopener\">Vivantes !<\/a> en tourn\u00e9e sur la saison 2025-26 <\/em>:<\/strong><\/p>\n<ul>\n<li>Vendredi 3 octobre 2025 \u00e0 14h et 19h \u00e0 L\u2019Eclat \/\/ Pont-Audemer (27)<\/li>\n<li>Mardi 7 octobre 2025 \u00e0 14h aux Franciscaines \/\/ Deauville (14)<\/li>\n<li>Mercredi 19 novembre 2025 \u00e0 14h30 et Jeudi 20 novembre 2025 \u00e0 10h et 14h30 au Sud-Est Th\u00e9\u00e2tre \/\/ Villeneuve-Saint-Georges (94)<\/li>\n<li>Jeudi 5 f\u00e9vrier 2026 \u00e0 14h30 et vendredi 6 f\u00e9vrier 2026 \u00e0 9h30 au Kiasma \/\/ Castelnau-le-Lez (34)<\/li>\n<\/ul>\n<p><strong><em><a href=\"http:\/\/www.mieldelune.com\/index.php\/vivantes\/\" target=\"_blank\" rel=\"noopener\">Vivantes !<\/a> en tourn\u00e9e sur la saison 2026-27 <\/em>:<\/strong><\/p>\n<ul>\n<li>Mardi 1er d\u00e9cembre 2026 \u00e0 14h30 \u00e0 l&rsquo;Espace Concorde \/\/ Arpajon (91)<\/li>\n<\/ul>\n<p><strong>SOUTIEN AU FONCTIONNEMENT DE LA CIE :<\/strong> Ville de Boulogne-Billancourt.<br \/>\n<strong>SOUTIENS A LA CREATION :<\/strong> DRAC \u00cele-de-France, R\u00e9gion \u00cele-de-France, Conseil D\u00e9partemental de l&rsquo;Essonne, Jeune Th\u00e9\u00e2tre National, Institut Pierre Simon Laplace, Fondation pour la Nature et l&rsquo;Homme (projet \u00e9lu \u00ab\u00a0coup de c\u0153ur\u00a0\u00bb), R\u00e9seau ACTIF (\u00cele-de-France).<\/p>\n<p><strong>TEASER :<\/strong><\/p>\n<div style=\"width: 750px;\" class=\"wp-video\"><video class=\"wp-video-shortcode\" id=\"video-56-1\" width=\"750\" height=\"425\" preload=\"metadata\" controls=\"controls\"><source type=\"video\/mp4\" src=\"http:\/\/www.mieldelune.com\/wp-content\/uploads\/2024\/07\/Teaser-Vivantes-07-2024.mp4?_=1\" \/><a href=\"http:\/\/www.mieldelune.com\/wp-content\/uploads\/2024\/07\/Teaser-Vivantes-07-2024.mp4\">http:\/\/www.mieldelune.com\/wp-content\/uploads\/2024\/07\/Teaser-Vivantes-07-2024.mp4<\/a><\/video><\/div>\n<p>RECOMMANDE PAR LA RADIO FIP :<\/p>\n<audio class=\"wp-audio-shortcode\" id=\"audio-56-1\" preload=\"none\" style=\"width: 100%;\" controls=\"controls\"><source type=\"audio\/mpeg\" src=\"http:\/\/www.mieldelune.com\/wp-content\/uploads\/2024\/07\/AUD-20240704-WA0010.mp3?_=1\" \/><a href=\"http:\/\/www.mieldelune.com\/wp-content\/uploads\/2024\/07\/AUD-20240704-WA0010.mp3\">http:\/\/www.mieldelune.com\/wp-content\/uploads\/2024\/07\/AUD-20240704-WA0010.mp3<\/a><\/audio>\n<p><a href=\"http:\/\/www.mieldelune.com\/wp-content\/uploads\/2024\/08\/EPSON001.pdf\">RECOMMANDE TTT PAR TELERAMA, ARTICLE ICI<\/a><\/p>\n<p><strong>Projets de territoire &#8211; cr\u00e9ations partag\u00e9es en milieu scolaire :<\/strong><\/p>\n<p>Cette saison 24-25, la compagnie poursuit plusieurs projets d&rsquo;\u00e9ducation artistique et culturelle sur le territoire francilien.<br \/>\n+ d&rsquo;infos tr\u00e8s prochainement !<\/p>\n<p><a href=\"https:\/\/www.facebook.com\/compagniemieldelune\/?ref=bookmarks\" target=\"_blank\" rel=\"noopener noreferrer\">Facebook<\/a><a href=\"https:\/\/www.youtube.com\/channel\/UCyO7vrH2L4x6whoxC9vpbvg\" target=\"_blank\" rel=\"noopener noreferrer\"><br \/>\nYoutube<\/a><\/p>\n<p style=\"text-align: left;\">\n","protected":false},"excerpt":{"rendered":"<p>Cheminons une nouvelle ann\u00e9e encore ensemble dans la cr\u00e9ativit\u00e9 et les belles langues \u00e9crites pour l&rsquo;enfance. Vivantes ! en tourn\u00e9e sur la saison 2025-26 : Vendredi 3 octobre 2025 \u00e0 14h et 19h \u00e0 L\u2019Eclat \/\/ Pont-Audemer (27) Mardi 7 octobre 2025 \u00e0 14h aux Franciscaines \/\/ Deauville (14) Mercredi [&hellip;]<\/p>\n","protected":false},"author":1,"featured_media":480,"parent":0,"menu_order":0,"comment_status":"closed","ping_status":"closed","template":"","meta":{"footnotes":""},"class_list":["post-56","page","type-page","status-publish","has-post-thumbnail","hentry"],"yoast_head":"<!-- This site is optimized with the Yoast SEO plugin v14.4.1 - https:\/\/yoast.com\/wordpress\/plugins\/seo\/ -->\n<title>Bienvenue -<\/title>\n<meta name=\"robots\" content=\"index, follow\" \/>\n<meta name=\"googlebot\" content=\"index, follow, max-snippet:-1, max-image-preview:large, max-video-preview:-1\" \/>\n<meta name=\"bingbot\" content=\"index, follow, max-snippet:-1, max-image-preview:large, max-video-preview:-1\" \/>\n<link rel=\"canonical\" href=\"http:\/\/www.mieldelune.com\/\" \/>\n<meta property=\"og:locale\" content=\"fr_FR\" \/>\n<meta property=\"og:type\" content=\"article\" \/>\n<meta property=\"og:title\" content=\"Bienvenue -\" \/>\n<meta property=\"og:description\" content=\"Cheminons une nouvelle ann\u00e9e encore ensemble dans la cr\u00e9ativit\u00e9 et les belles langues \u00e9crites pour l&rsquo;enfance. Vivantes ! en tourn\u00e9e sur la saison 2025-26 : Vendredi 3 octobre 2025 \u00e0 14h et 19h \u00e0 L\u2019Eclat \/\/ Pont-Audemer (27) Mardi 7 octobre 2025 \u00e0 14h aux Franciscaines \/\/ Deauville (14) Mercredi [&hellip;]\" \/>\n<meta property=\"og:url\" content=\"http:\/\/www.mieldelune.com\/\" \/>\n<meta property=\"article:publisher\" content=\"https:\/\/www.facebook.com\/compagniemieldelune\" \/>\n<meta property=\"article:modified_time\" content=\"2026-02-03T12:16:22+00:00\" \/>\n<meta property=\"og:image\" content=\"http:\/\/www.mieldelune.com\/wp-content\/uploads\/2020\/01\/bleu.jpg\" \/>\n\t<meta property=\"og:image:width\" content=\"1753\" \/>\n\t<meta property=\"og:image:height\" content=\"1240\" \/>\n<meta name=\"twitter:card\" content=\"summary_large_image\" \/>\n<script type=\"application\/ld+json\" class=\"yoast-schema-graph\">{\"@context\":\"https:\/\/schema.org\",\"@graph\":[{\"@type\":\"Organization\",\"@id\":\"http:\/\/www.mieldelune.com\/#organization\",\"name\":\"Cie Miel de Lune\",\"url\":\"http:\/\/www.mieldelune.com\/\",\"sameAs\":[\"https:\/\/www.facebook.com\/compagniemieldelune\",\"https:\/\/www.linkedin.com\/company\/compagnie-miel-de-lune\"],\"logo\":{\"@type\":\"ImageObject\",\"@id\":\"http:\/\/www.mieldelune.com\/#logo\",\"inLanguage\":\"fr-FR\",\"url\":\"http:\/\/www.mieldelune.com\/wp-content\/uploads\/2020\/02\/Logo-1.png\",\"width\":1072,\"height\":1094,\"caption\":\"Cie Miel de Lune\"},\"image\":{\"@id\":\"http:\/\/www.mieldelune.com\/#logo\"}},{\"@type\":\"WebSite\",\"@id\":\"http:\/\/www.mieldelune.com\/#website\",\"url\":\"http:\/\/www.mieldelune.com\/\",\"name\":\"\",\"description\":\"Th\\u00e9\\u00e2tre contemporain jeunesse\",\"publisher\":{\"@id\":\"http:\/\/www.mieldelune.com\/#organization\"},\"potentialAction\":[{\"@type\":\"SearchAction\",\"target\":\"http:\/\/www.mieldelune.com\/?s={search_term_string}\",\"query-input\":\"required name=search_term_string\"}],\"inLanguage\":\"fr-FR\"},{\"@type\":\"ImageObject\",\"@id\":\"http:\/\/www.mieldelune.com\/#primaryimage\",\"inLanguage\":\"fr-FR\",\"url\":\"http:\/\/www.mieldelune.com\/wp-content\/uploads\/2020\/01\/bleu.jpg\",\"width\":1753,\"height\":1240},{\"@type\":\"WebPage\",\"@id\":\"http:\/\/www.mieldelune.com\/#webpage\",\"url\":\"http:\/\/www.mieldelune.com\/\",\"name\":\"Bienvenue -\",\"isPartOf\":{\"@id\":\"http:\/\/www.mieldelune.com\/#website\"},\"primaryImageOfPage\":{\"@id\":\"http:\/\/www.mieldelune.com\/#primaryimage\"},\"datePublished\":\"2015-09-10T08:01:17+00:00\",\"dateModified\":\"2026-02-03T12:16:22+00:00\",\"inLanguage\":\"fr-FR\",\"potentialAction\":[{\"@type\":\"ReadAction\",\"target\":[\"http:\/\/www.mieldelune.com\/\"]}]}]}<\/script>\n<!-- \/ Yoast SEO plugin. -->","_links":{"self":[{"href":"http:\/\/www.mieldelune.com\/index.php\/wp-json\/wp\/v2\/pages\/56","targetHints":{"allow":["GET"]}}],"collection":[{"href":"http:\/\/www.mieldelune.com\/index.php\/wp-json\/wp\/v2\/pages"}],"about":[{"href":"http:\/\/www.mieldelune.com\/index.php\/wp-json\/wp\/v2\/types\/page"}],"author":[{"embeddable":true,"href":"http:\/\/www.mieldelune.com\/index.php\/wp-json\/wp\/v2\/users\/1"}],"replies":[{"embeddable":true,"href":"http:\/\/www.mieldelune.com\/index.php\/wp-json\/wp\/v2\/comments?post=56"}],"version-history":[{"count":103,"href":"http:\/\/www.mieldelune.com\/index.php\/wp-json\/wp\/v2\/pages\/56\/revisions"}],"predecessor-version":[{"id":1071,"href":"http:\/\/www.mieldelune.com\/index.php\/wp-json\/wp\/v2\/pages\/56\/revisions\/1071"}],"wp:featuredmedia":[{"embeddable":true,"href":"http:\/\/www.mieldelune.com\/index.php\/wp-json\/wp\/v2\/media\/480"}],"wp:attachment":[{"href":"http:\/\/www.mieldelune.com\/index.php\/wp-json\/wp\/v2\/media?parent=56"}],"curies":[{"name":"wp","href":"https:\/\/api.w.org\/{rel}","templated":true}]}}